{"id":6876,"date":"2023-12-04T15:34:24","date_gmt":"2023-12-04T14:34:24","guid":{"rendered":"https:\/\/neher-insektenschutz.ch\/chi-siamo\/"},"modified":"2026-04-23T12:43:12","modified_gmt":"2026-04-23T10:43:12","slug":"chi-siamo","status":"publish","type":"page","link":"https:\/\/neher-insektenschutz.ch\/it\/chi-siamo\/","title":{"rendered":"Chi siamo"},"content":{"rendered":"\n<div class=\"wp-block-cover is-light hero-cover has-regular-font-size\"><span aria-hidden=\"true\" class=\"wp-block-cover__background has-background-dim-0 has-background-dim\"><\/span><img loading=\"lazy\" decoding=\"async\" width=\"4000\" height=\"2081\" class=\"wp-block-cover__image-background wp-image-3648\" alt=\"\" src=\"https:\/\/neher-insektenschutz.ch\/wp-content\/uploads\/2023\/09\/vater_sohn_neher.jpg\" data-object-fit=\"cover\" srcset=\"https:\/\/neher-insektenschutz.ch\/wp-content\/uploads\/2023\/09\/vater_sohn_neher.jpg 4000w, https:\/\/neher-insektenschutz.ch\/wp-content\/uploads\/2023\/09\/vater_sohn_neher-300x156.jpg 300w, https:\/\/neher-insektenschutz.ch\/wp-content\/uploads\/2023\/09\/vater_sohn_neher-1024x533.jpg 1024w, https:\/\/neher-insektenschutz.ch\/wp-content\/uploads\/2023\/09\/vater_sohn_neher-768x400.jpg 768w, https:\/\/neher-insektenschutz.ch\/wp-content\/uploads\/2023\/09\/vater_sohn_neher-1536x799.jpg 1536w, https:\/\/neher-insektenschutz.ch\/wp-content\/uploads\/2023\/09\/vater_sohn_neher-2048x1065.jpg 2048w, https:\/\/neher-insektenschutz.ch\/wp-content\/uploads\/2023\/09\/vater_sohn_neher-600x312.jpg 600w\" sizes=\"auto, (max-width: 4000px) 100vw, 4000px\" \/><div class=\"wp-block-cover__inner-container is-layout-constrained wp-block-cover-is-layout-constrained\">\n<p class=\"has-text-align-center has-large-font-size\"><\/p>\n<\/div><\/div>\n\n<div class=\"hero\">\n\t    <div class=\"wrap\">\n        \n\n<h2 class=\"wp-block-heading\">Chi siamo<\/h2>\n\n\n\n<p>Swiss Trade GmbH &#8211; il vostro rappresentante affidabile del marchio di zanzariere Neher in Svizzera<\/p>\n\n\n    <\/div>\n<\/div>\n<div class=\"columns\">\n    \n\n<div class=\"wp-block-columns is-layout-flex wp-container-core-columns-is-layout-9d6595d7 wp-block-columns-is-layout-flex\">\n<div class=\"wp-block-column column-left is-layout-flow wp-block-column-is-layout-flow\">\n<figure class=\"wp-block-image size-full is-resized\"><img loading=\"lazy\" decoding=\"async\" width=\"618\" height=\"436\" src=\"https:\/\/neher-insektenschutz.ch\/wp-content\/uploads\/2024\/12\/Zertifikat-2025.png\" alt=\"\" class=\"wp-image-8761\" style=\"width:618px\" srcset=\"https:\/\/neher-insektenschutz.ch\/wp-content\/uploads\/2024\/12\/Zertifikat-2025.png 618w, https:\/\/neher-insektenschutz.ch\/wp-content\/uploads\/2024\/12\/Zertifikat-2025-300x212.png 300w, https:\/\/neher-insektenschutz.ch\/wp-content\/uploads\/2024\/12\/Zertifikat-2025-600x423.png 600w\" sizes=\"auto, (max-width: 618px) 100vw, 618px\" \/><\/figure>\n<\/div>\n\n\n\n<div class=\"wp-block-column column-right is-layout-flow wp-block-column-is-layout-flow\">\n<h3 class=\"wp-block-heading\">La nostra partnership con Neher Systeme GmbH &amp; CO. KG &#8211; un marchio affermato da oltre 50 anni<\/h3>\n\n\n\n<p>In qualit\u00e0 di Swiss Trade GmbH, siamo orgogliosi di rappresentare in Svizzera i prodotti di alta qualit\u00e0 di Neher Systeme GmbH &amp; CO.KG. Neher \u00e8 un marchio noto e rispettato nel settore delle zanzariere da oltre 50 anni. La nostra partnership di lunga data ci permette di offrirvi le migliori soluzioni.<\/p>\n<\/div>\n<\/div>\n\n\n<\/div>\n<div class=\"columns\">\n    \n\n<div class=\"wp-block-columns is-layout-flex wp-container-core-columns-is-layout-9d6595d7 wp-block-columns-is-layout-flex\">\n<div class=\"wp-block-column column-left is-layout-flow wp-block-column-is-layout-flow\">\n<h3 class=\"wp-block-heading\">Una solida rete di oltre 100 partner in tutta la Svizzera<\/h3>\n\n\n\n<p>Abbiamo creato una vasta rete di oltre 100 partner in tutta la Svizzera. I nostri partner sono stati selezionati con cura e si distinguono per la loro competenza e affidabilit\u00e0. Questo ci permette di offrirvi un servizio completo ovunque vi troviate. I nostri partner vi supporteranno con consulenza, installazione e un servizio clienti di prima classe.<\/p>\n<\/div>\n\n\n\n<div class=\"wp-block-column column-right is-layout-flow wp-block-column-is-layout-flow\">\n<figure class=\"wp-block-gallery has-nested-images columns-default is-cropped wp-block-gallery-1 is-layout-flex wp-block-gallery-is-layout-flex\">\n<figure class=\"wp-block-image size-large\"><a href=\"https:\/\/neher-insektenschutz.ch\/it\/luoghi\/\"><img loading=\"lazy\" decoding=\"async\" width=\"616\" height=\"436\" data-id=\"1862\" src=\"https:\/\/neher-insektenschutz.ch\/wp-content\/uploads\/2023\/07\/Partner.jpg\" alt=\"\" class=\"wp-image-1862\" srcset=\"https:\/\/neher-insektenschutz.ch\/wp-content\/uploads\/2023\/07\/Partner.jpg 616w, https:\/\/neher-insektenschutz.ch\/wp-content\/uploads\/2023\/07\/Partner-300x212.jpg 300w, https:\/\/neher-insektenschutz.ch\/wp-content\/uploads\/2023\/07\/Partner-600x425.jpg 600w\" sizes=\"auto, (max-width: 616px) 100vw, 616px\" \/><\/a><\/figure>\n<\/figure>\n<\/div>\n<\/div>\n\n\n<\/div>\n<div class=\"columns\">\n    \n\n<div class=\"wp-block-columns is-layout-flex wp-container-core-columns-is-layout-9d6595d7 wp-block-columns-is-layout-flex\">\n<div class=\"wp-block-column column-left is-layout-flow wp-block-column-is-layout-flow\">\n<div class=\"wp-block-cover\"><span aria-hidden=\"true\" class=\"wp-block-cover__background has-background-dim\"><\/span><img loading=\"lazy\" decoding=\"async\" width=\"616\" height=\"436\" class=\"wp-block-cover__image-background wp-image-1772\" alt=\"\" src=\"https:\/\/neher-insektenschutz.ch\/wp-content\/uploads\/2023\/07\/pendeltuer_familie.jpg\" data-object-fit=\"cover\" srcset=\"https:\/\/neher-insektenschutz.ch\/wp-content\/uploads\/2023\/07\/pendeltuer_familie.jpg 616w, https:\/\/neher-insektenschutz.ch\/wp-content\/uploads\/2023\/07\/pendeltuer_familie-300x212.jpg 300w, https:\/\/neher-insektenschutz.ch\/wp-content\/uploads\/2023\/07\/pendeltuer_familie-600x425.jpg 600w\" sizes=\"auto, (max-width: 616px) 100vw, 616px\" \/><div class=\"wp-block-cover__inner-container is-layout-flow wp-block-cover-is-layout-flow\">\n<p class=\"has-text-align-center has-large-font-size\"><\/p>\n<\/div><\/div>\n<\/div>\n\n\n\n<div class=\"wp-block-column column-right is-layout-flow wp-block-column-is-layout-flow\">\n<h3 class=\"wp-block-heading\">Il nostro impegno per la soddisfazione dei clienti e la massima qualit\u00e0<\/h3>\n\n\n\n<p>La vostra soddisfazione \u00e8 la nostra massima priorit\u00e0. Ci teniamo a superare le vostre aspettative e a fornirvi un&#8217;esperienza eccellente. Diamo priorit\u00e0 alla qualit\u00e0 e lavoriamo secondo standard rigorosi. Dalla selezione dei prodotti al servizio clienti, puntiamo sempre a offrirvi il meglio.<\/p>\n\n\n\n<p>Abbiamo guadagnato la fiducia dei nostri clienti grazie a collaborazioni di lunga data. Vogliamo capire le vostre esigenze e offrire soluzioni personalizzate. Il nostro obiettivo \u00e8 quello di offrirvi un servizio di prima classe, in modo che siate completamente soddisfatti delle nostre soluzioni per zanzariere.<\/p>\n\n\n\n<p>Come partner affidabile per la protezione dagli insetti di alta qualit\u00e0 in Svizzera, siamo a vostra disposizione. Contattateci per saperne di pi\u00f9 sui nostri prodotti e servizi. Saremo lieti di aiutarvi e di fornirvi il miglior servizio possibile.<\/p>\n<\/div>\n<\/div>\n\n\n<\/div>\n<figure class=\"wp-block-image size-large is-resized\"><img loading=\"lazy\" decoding=\"async\" width=\"1024\" height=\"406\" src=\"https:\/\/neher-insektenschutz.ch\/wp-content\/uploads\/2023\/11\/Neher-Zeitstrahl-1024x406.webp\" alt=\"\" class=\"wp-image-4305\" style=\"width:1298px;height:517px\" srcset=\"https:\/\/neher-insektenschutz.ch\/wp-content\/uploads\/2023\/11\/Neher-Zeitstrahl-1024x406.webp 1024w, https:\/\/neher-insektenschutz.ch\/wp-content\/uploads\/2023\/11\/Neher-Zeitstrahl-300x119.webp 300w, https:\/\/neher-insektenschutz.ch\/wp-content\/uploads\/2023\/11\/Neher-Zeitstrahl-768x305.webp 768w, https:\/\/neher-insektenschutz.ch\/wp-content\/uploads\/2023\/11\/Neher-Zeitstrahl-1536x610.webp 1536w, https:\/\/neher-insektenschutz.ch\/wp-content\/uploads\/2023\/11\/Neher-Zeitstrahl-2048x813.webp 2048w, https:\/\/neher-insektenschutz.ch\/wp-content\/uploads\/2023\/11\/Neher-Zeitstrahl-600x238.webp 600w\" sizes=\"auto, (max-width: 1024px) 100vw, 1024px\" \/><\/figure>\n\n<div class=\"columns\">\n    \n\n<div class=\"wp-block-columns is-layout-flex wp-container-core-columns-is-layout-9d6595d7 wp-block-columns-is-layout-flex\">\n<div class=\"wp-block-column column-right is-layout-flow wp-block-column-is-layout-flow\">\n<h3 class=\"wp-block-heading\">2023: 50 anni di Neher<\/h3>\n\n\n\n<p>In diesem Jahr feiert Neher stolz ihren 50. Geburtstag! Seit einem halben Jahrhundert widmet sich Neher leidenschaftlich dem Insektenschutz. Wir bieten Ihnen <a href=\"https:\/\/neher-insektenschutz.ch\/fliegengitter-fenster\/\" data-type=\"neher-product\" data-id=\"141\">Fliegengitter f\u00fcr Fenster<\/a>, <a href=\"https:\/\/neher-insektenschutz.ch\/tueren\/\" data-type=\"neher-product\" data-id=\"1258\">T\u00fcren<\/a>, <a href=\"https:\/\/neher-insektenschutz.ch\/dachfenster\/\" data-type=\"neher-product\" data-id=\"1376\">Dachfenster<\/a> und <a href=\"https:\/\/neher-insektenschutz.ch\/it\/products\/pozzo-di-luce\/\" data-type=\"neher-product\" data-id=\"1263\">Lichtschachtabdeckungen<\/a> an.<\/p>\n\n\n\n<p>In quanto azienda familiare, Neher \u00e8 grata ai suoi clienti, dipendenti, fornitori e partner di lunga data che l&#8217;hanno accompagnata in questo percorso. Il loro sostegno l&#8217;ha resa ci\u00f2 che \u00e8 oggi.<\/p>\n\n\n\n<p>Neher \u00e8 orgogliosa dei progressi compiuti negli ultimi decenni e continuer\u00e0 a fare del suo meglio per proteggere voi e la vostra casa dagli insetti.&#013;\n&#013;\nGrazie per i 50 anni di fiducia in Neher!<\/p>\n<\/div>\n\n\n\n<div class=\"wp-block-column column-left is-layout-flow wp-block-column-is-layout-flow\">\n<figure class=\"wp-block-image size-large\"><img decoding=\"async\" src=\"https:\/\/neher-insektenschutz.ch\/wp-content\/uploads\/2023\/11\/Neher-50-Jahre-Jubilaeumslogo-1-1024x725.webp\" alt=\"\" class=\"wp-image-4299\" \/><\/figure>\n<\/div>\n<\/div>\n\n\n<\/div>\n<div class=\"columns\">\n    \n\n<div class=\"wp-block-columns is-layout-flex wp-container-core-columns-is-layout-9d6595d7 wp-block-columns-is-layout-flex\">\n<div class=\"wp-block-column column-left is-layout-flow wp-block-column-is-layout-flow\">\n<figure class=\"wp-block-image size-large is-resized\"><img loading=\"lazy\" decoding=\"async\" width=\"1024\" height=\"1024\" src=\"https:\/\/neher-insektenschutz.ch\/wp-content\/uploads\/2024\/02\/10-Jahre-Garantie-gruen-1024x1024.png\" alt=\"\" class=\"wp-image-7716\" style=\"width:433px;height:auto\" srcset=\"https:\/\/neher-insektenschutz.ch\/wp-content\/uploads\/2024\/02\/10-Jahre-Garantie-gruen-1024x1024.png 1024w, https:\/\/neher-insektenschutz.ch\/wp-content\/uploads\/2024\/02\/10-Jahre-Garantie-gruen-150x150@2x.png 300w, https:\/\/neher-insektenschutz.ch\/wp-content\/uploads\/2024\/02\/10-Jahre-Garantie-gruen-150x150.png 150w, https:\/\/neher-insektenschutz.ch\/wp-content\/uploads\/2024\/02\/10-Jahre-Garantie-gruen-768x768.png 768w, https:\/\/neher-insektenschutz.ch\/wp-content\/uploads\/2024\/02\/10-Jahre-Garantie-gruen-600x600.png 600w, https:\/\/neher-insektenschutz.ch\/wp-content\/uploads\/2024\/02\/10-Jahre-Garantie-gruen.png 1418w\" sizes=\"auto, (max-width: 1024px) 100vw, 1024px\" \/><\/figure>\n<\/div>\n\n\n\n<div class=\"wp-block-column column-right is-layout-flow wp-block-column-is-layout-flow\">\n<h3 class=\"wp-block-heading\">10 Jahre Garantie<\/h3>\n\n\n\n<p>Wir bei Neher Insektenschutz glauben fest an die Qualit\u00e4t unserer Produkte. Deshalb erweitern wir ab 2024 unsere Garantie f\u00fcr alle direkt bei uns gekauften Produkte auf 10 Jahre. Diese Entscheidung unterstreicht unser Vertrauen in die Langlebigkeit und Zuverl\u00e4ssigkeit unserer Produkte.<\/p>\n\n\n\n<p><strong>Warum wir unsere Garantie verl\u00e4ngern:<\/strong> Unsere Produkte durchlaufen strenge Qualit\u00e4tskontrollen, um sicherzustellen, dass sie unseren hohen Standards entsprechen. Diese Garantieerweiterung ist ein Beweis f\u00fcr unser Engagement, Ihnen Produkte zu liefern, auf die Sie z\u00e4hlen k\u00f6nnen.<\/p>\n\n\n\n<p><strong>Wer profitiert:<\/strong> Die erweiterte Garantie gilt nur f\u00fcr Produkte, die direkt \u00fcber Neher Insektenschutz erworben werden. <\/p>\n\n\n\n<p><strong>Interesse an einer kostenlosen Beratung?<\/strong> Wenn Sie mehr dar\u00fcber erfahren m\u00f6chten, wie unsere Produkte Ihnen helfen k\u00f6nnen, f\u00fcllen Sie bitte unser <a href=\"https:\/\/neher-insektenschutz.ch\/it\/richiesta-di-offerta\/\" data-type=\"page\" data-id=\"433\">Offertenformular<\/a> aus. Wir freuen uns darauf, Ihnen eine massgefertigte L\u00f6sung anzubieten.<\/p>\n<\/div>\n<\/div>\n\n\n<\/div>","protected":false},"excerpt":{"rendered":"","protected":false},"author":8,"featured_media":6325,"parent":0,"menu_order":0,"comment_status":"closed","ping_status":"closed","template":"","meta":{"_acf_changed":false,"inline_featured_image":false,"_genesis_hide_title":false,"_genesis_hide_breadcrumbs":false,"_genesis_hide_singular_image":false,"_genesis_custom_body_class":"","_genesis_custom_post_class":"","_genesis_layout":"","pgc_sgb_lightbox_settings":"","two_page_speed":{"current_score":{"desktop_score":92,"desktop_tti":"0.7\u00a0","mobile_score":94,"mobile_tti":"2.9\u00a0","date":"23.04.2026 12:43:45 pm","status":"completed"}},"footnotes":""},"class_list":{"0":"post-6876","1":"page","2":"type-page","3":"status-publish","4":"has-post-thumbnail","6":"entry"},"acf":[],"_links":{"self":[{"href":"https:\/\/neher-insektenschutz.ch\/it\/wp-json\/wp\/v2\/pages\/6876","targetHints":{"allow":["GET"]}}],"collection":[{"href":"https:\/\/neher-insektenschutz.ch\/it\/wp-json\/wp\/v2\/pages"}],"about":[{"href":"https:\/\/neher-insektenschutz.ch\/it\/wp-json\/wp\/v2\/types\/page"}],"author":[{"embeddable":true,"href":"https:\/\/neher-insektenschutz.ch\/it\/wp-json\/wp\/v2\/users\/8"}],"replies":[{"embeddable":true,"href":"https:\/\/neher-insektenschutz.ch\/it\/wp-json\/wp\/v2\/comments?post=6876"}],"version-history":[{"count":13,"href":"https:\/\/neher-insektenschutz.ch\/it\/wp-json\/wp\/v2\/pages\/6876\/revisions"}],"predecessor-version":[{"id":11042,"href":"https:\/\/neher-insektenschutz.ch\/it\/wp-json\/wp\/v2\/pages\/6876\/revisions\/11042"}],"wp:featuredmedia":[{"embeddable":true,"href":"https:\/\/neher-insektenschutz.ch\/it\/wp-json\/wp\/v2\/media\/6325"}],"wp:attachment":[{"href":"https:\/\/neher-insektenschutz.ch\/it\/wp-json\/wp\/v2\/media?parent=6876"}],"curies":[{"name":"wp","href":"https:\/\/api.w.org\/{rel}","templated":true}]}}